{"id":5818,"date":"2020-04-23T09:51:08","date_gmt":"2020-04-23T09:51:08","guid":{"rendered":"https:\/\/sit.com.mt\/portfolio\/maltese-presidency-of-the-eu\/"},"modified":"2021-03-30T06:34:27","modified_gmt":"2021-03-30T06:34:27","slug":"maltese-presidency-of-the-eu","status":"publish","type":"page","link":"https:\/\/sit.com.mt\/es\/portafolio\/maltese-presidency-of-the-eu\/","title":{"rendered":"PRESIDENCIA MALTESA DEL CONSEJO DE LA UE 2017"},"content":{"rendered":"<div class=\"landing-banner-block\">\n    <div class=\"landing-banner-wrap inline-bg-image lazyload\" style=\"background-image:inherit;\" data-bg-image=\"url(https:\/\/sit.com.mt\/wp-content\/uploads\/2020\/04\/h_53234236-scaled-e1596545887822.jpg)\">\n        \n            <div class=\"content-box\" data-aos=\"fade-up\">\n                <div class=\"v-align\">                    <h1 class=\"h1\">Presidencia Maltesa del Consejo de la Uni\u00f3n Europea 2017<\/h1>\n                <\/div>                            <\/div>\n            \n                    <\/div>\n        \n    <\/div>\n\n<div class=\"portfolio-details-block\">\n    <div class=\"portfolio-details-wrap\">\n    <div class=\"inner\">\n                    \n                <div class=\"portfolio-detail\" data-aos=\"fade-up\" data-aos-offset=\"50\">\n\n                                                                <img decoding=\"async\" data-src=\"https:\/\/sit.com.mt\/wp-content\/uploads\/2019\/12\/about-feature-3-new.svg\" class=\"icon lazyload\" alt=\"\" src=\"data:image\/gif;base64,R0lGODlhAQABAAAAACH5BAEKAAEALAAAAAABAAEAAAICTAEAOw==\" \/>\n                    \n                    <div class=\"type\">INDUSTRIA<\/div>\n                    <h3 class=\"data\">Gubernamental<\/h3>\n                    <p class=\"para\"><\/p>\n\n                <\/div>\n            \n                <div class=\"portfolio-detail\" data-aos=\"fade-up\" data-aos-offset=\"50\">\n\n                                                                <img decoding=\"async\" data-src=\"https:\/\/sit.com.mt\/wp-content\/uploads\/2020\/01\/team.svg\" class=\"icon lazyload\" alt=\"\" src=\"data:image\/gif;base64,R0lGODlhAQABAAAAACH5BAEKAAEALAAAAAABAAEAAAICTAEAOw==\" \/>\n                    \n                    <div class=\"type\">ASISTENCIA<\/div>\n                    <h3 class=\"data\">20000+<\/h3>\n                    <p class=\"para\">Asistentes de todo el mundo.<\/p>\n\n                <\/div>\n                        <\/div>\n<\/div><\/div>\n\n<div class=\"portfolio-info-block\">\n    <div class=\"portfolio-info-wrap dark-bg\">\n    <div class=\"inner\">\n                    \n                <div class=\"portfolio-info\" data-aos=\"fade-up\">\n\n                    <h3 class=\"title\"> EL RETO<\/h3>\n\n                                                                <img decoding=\"async\" data-src=\"https:\/\/sit.com.mt\/wp-content\/uploads\/2020\/01\/tiny-logo.svg\" class=\"icon lazyload\" alt=\"\" src=\"data:image\/gif;base64,R0lGODlhAQABAAAAACH5BAEKAAEALAAAAAABAAEAAAICTAEAOw==\" \/>\n                    \n                    <div class=\"para\"><p>Organizaci\u00f3n de m\u00e1s de 189 reuniones durante 6 meses (enero &#8211; junio de 2017), incluida una reuni\u00f3n de alto nivel entre los 28 jefes de estado de gobierno de la UE<\/p>\n<\/div>\n\n                                                        <\/div>\n\n            \n                <div class=\"portfolio-info\" data-aos=\"fade-up\">\n\n                    <h3 class=\"title\">NUESTRA SOLUCI\u00d3N<\/h3>\n\n                                                                <img decoding=\"async\" data-src=\"https:\/\/sit.com.mt\/wp-content\/uploads\/2020\/01\/tiny-logo.svg\" class=\"icon lazyload\" alt=\"\" src=\"data:image\/gif;base64,R0lGODlhAQABAAAAACH5BAEKAAEALAAAAAABAAEAAAICTAEAOw==\" \/>\n                    \n                    <div class=\"para\"><p>Se estableci\u00f3 un  talentoso grupo de trabajo multiling\u00fce, designado para la Presidencia de la UE, cada uno con sus propias habilidades \u00fanicas para complementar este evento de alto perfil.<\/p>\n<p>N\u00famero de personal utilizado desde nuestro extremo:<br \/>\n70 FT \/ PT<\/p>\n<\/div>\n\n                                                        <\/div>\n\n            \n                <div class=\"portfolio-info\" data-aos=\"fade-up\">\n\n                    <h3 class=\"title\">EL RESULTADO<\/h3>\n\n                                                                <img decoding=\"async\" data-src=\"https:\/\/sit.com.mt\/wp-content\/uploads\/2020\/01\/tiny-logo.svg\" class=\"icon lazyload\" alt=\"\" src=\"data:image\/gif;base64,R0lGODlhAQABAAAAACH5BAEKAAEALAAAAAABAAEAAAICTAEAOw==\" \/>\n                    \n                    <div class=\"para\"><p>\u00a1\u00c9xito Rotundo!<\/p>\n<p>N\u00famero de hoteles utilizados: 19<br \/>\nN\u00famero de lugares utilizados: 29 (excluyendo los sitios tur\u00edsticos)<br \/>\nN\u00famero de pausas para el caf\u00e9: 850<br \/>\nN\u00famero de almuerzos: 285<br \/>\nN\u00famero de cenas: 173<\/p>\n<\/div>\n\n                                                        <\/div>\n\n                        <\/div>\n<\/div><\/div>\n\n<div class=\"image-slider-block\">\n    <div class=\"image-slider-wrap\">\n\n    <div class=\"slider-container no-padding\" data-aos=\"fade-up\">\n        <div class=\"image-slider\">\n                                    \n                                \n                    <div>\n                        <div class=\"img inline-bg-image contain-img lazyload\" role=\"img\" aria-label=\"Logo of EU Presidency Malta 2017\" style=\"background-image:inherit;\" data-bg-image=\"url(https:\/\/sit.com.mt\/wp-content\/uploads\/2020\/07\/EU-Presidency-Malta-Logo-2017-e1610442113420.jpg)\"><\/div>\n                    <\/div>\n\n                                        \n                            \n                                \n                    <div>\n                        <div class=\"img inline-bg-image contain-img lazyload\" role=\"img\" aria-label=\"Presenter\" style=\"background-image:inherit;\" data-bg-image=\"url(https:\/\/sit.com.mt\/wp-content\/uploads\/2019\/12\/administration-adult-anchor-275496.png)\"><\/div>\n                    <\/div>\n\n                                        \n                            <\/div>\n        <span class=\"prevBtn\" tabindex=\"1\">\n            <span class=\"full-arrow is-left short white\"><\/span>\n        <\/span>\n        <span class=\"nextBtn\" tabindex=\"1\">\n            <span class=\"full-arrow is-right short white\"><\/span>\n        <\/span>\n    <\/div>\n<\/div><\/div>\n\n<div class=\"more-portfolio-block\">\n    <div class=\"more-portfolio-wrap\">\n\n        <h2 class=\"h2\" data-aos=\"fade-up\">Explora m\u00e1s<\/h2>\n        <h4 class=\"h4\" data-aos=\"fade-up\"><\/h4>\n        <span class=\"full-arrow is-bottom long\" data-aos=\"fade-down\"><\/span>\n\n        <div class=\"light-bg\">\n            <div class=\"inner\">\n                \n                <div class=\"slider-container negative-padding\" data-aos=\"fade-up\">\n                    <div class=\"more-portfolios-slider\">\n                    \n                        \n                            <div>\n                                <a href=\"https:\/\/sit.com.mt\/es\/portafolio\/salt-post-covid-group\/\" class=\"portfolio-link\">\n                                    <div class=\"portfolio inline-bg-image lazyload\" style=\"background-image:inherit;\" data-bg-image=\"url(https:\/\/sit.com.mt\/wp-content\/uploads\/2020\/11\/20201009_162157-scaled-e1630075692985.jpg)\">\n    \n                                        <div class=\"narrow-column\">\n                                            <div class=\"v-align\">\n                                                <div class=\"portfolio-title\">Grupo Post-Covid<\/div>\n                                            <\/div>\n                                        <\/div>\n    \n                                    <\/div>\n                                <\/a>\n                            <\/div>\n\n                        \n                            <div>\n                                <a href=\"https:\/\/sit.com.mt\/es\/portafolio\/byk-incentive-trip\/\" class=\"portfolio-link\">\n                                    <div class=\"portfolio inline-bg-image lazyload\" style=\"background-image:inherit;\" data-bg-image=\"url(https:\/\/sit.com.mt\/wp-content\/uploads\/2020\/08\/72113654_515779652593991_8674156126125686784_n.jpg)\">\n    \n                                        <div class=\"narrow-column\">\n                                            <div class=\"v-align\">\n                                                <div class=\"portfolio-title\">VIAJE DE INCENTIVO BYK<\/div>\n                                            <\/div>\n                                        <\/div>\n    \n                                    <\/div>\n                                <\/a>\n                            <\/div>\n\n                        \n                            <div>\n                                <a href=\"https:\/\/sit.com.mt\/es\/portafolio\/building-a-boat\/\" class=\"portfolio-link\">\n                                    <div class=\"portfolio inline-bg-image lazyload\" style=\"background-image:inherit;\" data-bg-image=\"url(https:\/\/sit.com.mt\/wp-content\/uploads\/2020\/06\/teambuilding-malta.jpg)\">\n    \n                                        <div class=\"narrow-column\">\n                                            <div class=\"v-align\">\n                                                <div class=\"portfolio-title\">Construyendo un Barco<\/div>\n                                            <\/div>\n                                        <\/div>\n    \n                                    <\/div>\n                                <\/a>\n                            <\/div>\n\n                        \n                            <div>\n                                <a href=\"https:\/\/sit.com.mt\/es\/portafolio\/gala-dinner-by-the-sea\/\" class=\"portfolio-link\">\n                                    <div class=\"portfolio inline-bg-image lazyload\" style=\"background-image:inherit;\" data-bg-image=\"url(https:\/\/sit.com.mt\/wp-content\/uploads\/2020\/07\/IMGP2487-scaled-e1594731913735.jpg)\">\n    \n                                        <div class=\"narrow-column\">\n                                            <div class=\"v-align\">\n                                                <div class=\"portfolio-title\">Cena de Gala Frente al Mar<\/div>\n                                            <\/div>\n                                        <\/div>\n    \n                                    <\/div>\n                                <\/a>\n                            <\/div>\n\n                        \n                            <div>\n                                <a href=\"https:\/\/sit.com.mt\/es\/portafolio\/maltese-presidency-of-the-eu-2\/\" class=\"portfolio-link\">\n                                    <div class=\"portfolio inline-bg-image lazyload\" style=\"background-image:inherit;\" data-bg-image=\"url(https:\/\/sit.com.mt\/wp-content\/uploads\/2020\/06\/IMG_3191-1-1-scaled.jpg)\">\n    \n                                        <div class=\"narrow-column\">\n                                            <div class=\"v-align\">\n                                                <div class=\"portfolio-title\">Sesiones Grupales al Aire Libre (Breakout Rooms)<\/div>\n                                            <\/div>\n                                        <\/div>\n    \n                                    <\/div>\n                                <\/a>\n                            <\/div>\n\n                        \n                            <div>\n                                <a href=\"https:\/\/sit.com.mt\/es\/portafolio\/ceremonia-de-premiacion\/\" class=\"portfolio-link\">\n                                    <div class=\"portfolio inline-bg-image lazyload\" style=\"background-image:inherit;\" data-bg-image=\"url(https:\/\/sit.com.mt\/wp-content\/uploads\/2020\/04\/wine-2373500_1920-min.jpg)\">\n    \n                                        <div class=\"narrow-column\">\n                                            <div class=\"v-align\">\n                                                <div class=\"portfolio-title\">Ceremonia de Premiaci\u00f3n<\/div>\n                                            <\/div>\n                                        <\/div>\n    \n                                    <\/div>\n                                <\/a>\n                            <\/div>\n\n                        \n                    <\/div>\n                    <span class=\"prevBtn\" tabindex=\"1\">\n                        <span class=\"full-arrow is-left white short\"><\/span>\n                    <\/span>\n                    <span class=\"nextBtn\" tabindex=\"1\">\n                        <span class=\"full-arrow is-right white short\"><\/span>\n                    <\/span>\n                <\/div>\n\n                                                    <a href=\"\/es\/portafolio\/\" class=\"button\" target=\"\" data-aos=\"fade-up\">Nuestro Portafolio<\/a>\n                                \n            <\/div>\n        <\/div>\n\n    <\/div>\n    <\/div>\n\n<div class=\"testimonials-block\">\n    <div class=\"testimonials-wrap\">\n\n                        \n        \n                <div class=\"inline-bg-image lazyload\" style=\"background-image:inherit;\" data-bg-image=\"url(https:\/\/sit.com.mt\/wp-content\/uploads\/2019\/12\/testimonials.png)\">\n            <div class=\"slider-container\" data-aos=\"fade-up\">\n                <div class=\"slider\">\n                                            \n                            <div>\n                                                                    <img decoding=\"async\" data-src=\"https:\/\/sit.com.mt\/wp-content\/uploads\/2019\/12\/quote.svg\" class=\"quote-icon lazyload\" alt=\"\" src=\"data:image\/gif;base64,R0lGODlhAQABAAAAACH5BAEKAAEALAAAAAABAAEAAAICTAEAOw==\" \/>\n                                                                <div class=\"para\"><p>Lorem ipsum<\/p>\n<\/div>\n                                <span class=\"reviewer\">Name Surname<\/span>\n                            <\/div>\n\n                                                            <\/div>\n                <span class=\"prevBtn\" tabindex=\"1\">\n                    <span class=\"full-arrow is-left short\"><\/span>\n                <\/span>\n                <span class=\"nextBtn\" tabindex=\"1\">\n                    <span class=\"full-arrow is-right short\"><\/span>\n                <\/span>\n            <\/div>\n        <\/div>\n\n    <\/div>\n    <\/div>","protected":false},"excerpt":{"rendered":"","protected":false},"author":6,"featured_media":6919,"parent":5744,"menu_order":0,"comment_status":"closed","ping_status":"closed","template":"","meta":{"footnotes":""},"categories":[78],"class_list":["post-5818","page","type-page","status-publish","has-post-thumbnail","hentry","category-conferencias"],"acf":[],"yoast_head":"<!-- This site is optimized with the Yoast SEO plugin v25.3 - https:\/\/yoast.com\/wordpress\/plugins\/seo\/ -->\n<title>PRESIDENCIA MALTESA DEL CONSEJO DE LA UE 2017 - SIT Malta<\/title>\n<meta name=\"robots\" content=\"index, follow, max-snippet:-1, max-image-preview:large, max-video-preview:-1\" \/>\n<link rel=\"canonical\" href=\"https:\/\/sit.com.mt\/es\/portafolio\/maltese-presidency-of-the-eu\/\" \/>\n<meta property=\"og:locale\" content=\"es_ES\" \/>\n<meta property=\"og:type\" content=\"article\" \/>\n<meta property=\"og:title\" content=\"PRESIDENCIA MALTESA DEL CONSEJO DE LA UE 2017 - SIT Malta\" \/>\n<meta property=\"og:url\" content=\"https:\/\/sit.com.mt\/es\/portafolio\/maltese-presidency-of-the-eu\/\" \/>\n<meta property=\"og:site_name\" content=\"SIT Malta\" \/>\n<meta property=\"article:modified_time\" content=\"2021-03-30T06:34:27+00:00\" \/>\n<meta property=\"og:image\" content=\"https:\/\/sit.com.mt\/wp-content\/uploads\/2021\/03\/517px-Logo_Maltese_EU_presidency_of_the_Council_of_the_European_Union_2017.svg-e1616440979391.png\" \/>\n\t<meta property=\"og:image:width\" content=\"516\" \/>\n\t<meta property=\"og:image:height\" content=\"543\" \/>\n\t<meta property=\"og:image:type\" content=\"image\/png\" \/>\n<meta name=\"twitter:card\" content=\"summary_large_image\" \/>\n<script type=\"application\/ld+json\" class=\"yoast-schema-graph\">{\"@context\":\"https:\/\/schema.org\",\"@graph\":[{\"@type\":\"WebPage\",\"@id\":\"https:\/\/sit.com.mt\/es\/portafolio\/maltese-presidency-of-the-eu\/\",\"url\":\"https:\/\/sit.com.mt\/es\/portafolio\/maltese-presidency-of-the-eu\/\",\"name\":\"PRESIDENCIA MALTESA DEL CONSEJO DE LA UE 2017 - SIT Malta\",\"isPartOf\":{\"@id\":\"https:\/\/sit.com.mt\/#website\"},\"primaryImageOfPage\":{\"@id\":\"https:\/\/sit.com.mt\/es\/portafolio\/maltese-presidency-of-the-eu\/#primaryimage\"},\"image\":{\"@id\":\"https:\/\/sit.com.mt\/es\/portafolio\/maltese-presidency-of-the-eu\/#primaryimage\"},\"thumbnailUrl\":\"https:\/\/sit.com.mt\/wp-content\/uploads\/2021\/03\/517px-Logo_Maltese_EU_presidency_of_the_Council_of_the_European_Union_2017.svg-e1616440979391.png\",\"datePublished\":\"2020-04-23T09:51:08+00:00\",\"dateModified\":\"2021-03-30T06:34:27+00:00\",\"breadcrumb\":{\"@id\":\"https:\/\/sit.com.mt\/es\/portafolio\/maltese-presidency-of-the-eu\/#breadcrumb\"},\"inLanguage\":\"es\",\"potentialAction\":[{\"@type\":\"ReadAction\",\"target\":[\"https:\/\/sit.com.mt\/es\/portafolio\/maltese-presidency-of-the-eu\/\"]}]},{\"@type\":\"ImageObject\",\"inLanguage\":\"es\",\"@id\":\"https:\/\/sit.com.mt\/es\/portafolio\/maltese-presidency-of-the-eu\/#primaryimage\",\"url\":\"https:\/\/sit.com.mt\/wp-content\/uploads\/2021\/03\/517px-Logo_Maltese_EU_presidency_of_the_Council_of_the_European_Union_2017.svg-e1616440979391.png\",\"contentUrl\":\"https:\/\/sit.com.mt\/wp-content\/uploads\/2021\/03\/517px-Logo_Maltese_EU_presidency_of_the_Council_of_the_European_Union_2017.svg-e1616440979391.png\",\"width\":516,\"height\":543},{\"@type\":\"BreadcrumbList\",\"@id\":\"https:\/\/sit.com.mt\/es\/portafolio\/maltese-presidency-of-the-eu\/#breadcrumb\",\"itemListElement\":[{\"@type\":\"ListItem\",\"position\":1,\"name\":\"Home\",\"item\":\"https:\/\/sit.com.mt\/es\/\"},{\"@type\":\"ListItem\",\"position\":2,\"name\":\"Portafolio\",\"item\":\"https:\/\/sit.com.mt\/es\/portafolio\/\"},{\"@type\":\"ListItem\",\"position\":3,\"name\":\"PRESIDENCIA MALTESA DEL CONSEJO DE LA UE 2017\"}]},{\"@type\":\"WebSite\",\"@id\":\"https:\/\/sit.com.mt\/#website\",\"url\":\"https:\/\/sit.com.mt\/\",\"name\":\"SIT Malta\",\"description\":\"Unique Travel Programs\",\"publisher\":{\"@id\":\"https:\/\/sit.com.mt\/#organization\"},\"potentialAction\":[{\"@type\":\"SearchAction\",\"target\":{\"@type\":\"EntryPoint\",\"urlTemplate\":\"https:\/\/sit.com.mt\/?s={search_term_string}\"},\"query-input\":{\"@type\":\"PropertyValueSpecification\",\"valueRequired\":true,\"valueName\":\"search_term_string\"}}],\"inLanguage\":\"es\"},{\"@type\":\"Organization\",\"@id\":\"https:\/\/sit.com.mt\/#organization\",\"name\":\"SIT Mailta\",\"url\":\"https:\/\/sit.com.mt\/\",\"logo\":{\"@type\":\"ImageObject\",\"inLanguage\":\"es\",\"@id\":\"https:\/\/sit.com.mt\/#\/schema\/logo\/image\/\",\"url\":\"https:\/\/sit.com.mt\/wp-content\/uploads\/2020\/01\/main-logo-new.svg\",\"contentUrl\":\"https:\/\/sit.com.mt\/wp-content\/uploads\/2020\/01\/main-logo-new.svg\",\"width\":1,\"height\":1,\"caption\":\"SIT Mailta\"},\"image\":{\"@id\":\"https:\/\/sit.com.mt\/#\/schema\/logo\/image\/\"}}]}<\/script>\n<!-- \/ Yoast SEO plugin. -->","yoast_head_json":{"title":"PRESIDENCIA MALTESA DEL CONSEJO DE LA UE 2017 - SIT Malta","robots":{"index":"index","follow":"follow","max-snippet":"max-snippet:-1","max-image-preview":"max-image-preview:large","max-video-preview":"max-video-preview:-1"},"canonical":"https:\/\/sit.com.mt\/es\/portafolio\/maltese-presidency-of-the-eu\/","og_locale":"es_ES","og_type":"article","og_title":"PRESIDENCIA MALTESA DEL CONSEJO DE LA UE 2017 - SIT Malta","og_url":"https:\/\/sit.com.mt\/es\/portafolio\/maltese-presidency-of-the-eu\/","og_site_name":"SIT Malta","article_modified_time":"2021-03-30T06:34:27+00:00","og_image":[{"width":516,"height":543,"url":"https:\/\/sit.com.mt\/wp-content\/uploads\/2021\/03\/517px-Logo_Maltese_EU_presidency_of_the_Council_of_the_European_Union_2017.svg-e1616440979391.png","type":"image\/png"}],"twitter_card":"summary_large_image","schema":{"@context":"https:\/\/schema.org","@graph":[{"@type":"WebPage","@id":"https:\/\/sit.com.mt\/es\/portafolio\/maltese-presidency-of-the-eu\/","url":"https:\/\/sit.com.mt\/es\/portafolio\/maltese-presidency-of-the-eu\/","name":"PRESIDENCIA MALTESA DEL CONSEJO DE LA UE 2017 - SIT Malta","isPartOf":{"@id":"https:\/\/sit.com.mt\/#website"},"primaryImageOfPage":{"@id":"https:\/\/sit.com.mt\/es\/portafolio\/maltese-presidency-of-the-eu\/#primaryimage"},"image":{"@id":"https:\/\/sit.com.mt\/es\/portafolio\/maltese-presidency-of-the-eu\/#primaryimage"},"thumbnailUrl":"https:\/\/sit.com.mt\/wp-content\/uploads\/2021\/03\/517px-Logo_Maltese_EU_presidency_of_the_Council_of_the_European_Union_2017.svg-e1616440979391.png","datePublished":"2020-04-23T09:51:08+00:00","dateModified":"2021-03-30T06:34:27+00:00","breadcrumb":{"@id":"https:\/\/sit.com.mt\/es\/portafolio\/maltese-presidency-of-the-eu\/#breadcrumb"},"inLanguage":"es","potentialAction":[{"@type":"ReadAction","target":["https:\/\/sit.com.mt\/es\/portafolio\/maltese-presidency-of-the-eu\/"]}]},{"@type":"ImageObject","inLanguage":"es","@id":"https:\/\/sit.com.mt\/es\/portafolio\/maltese-presidency-of-the-eu\/#primaryimage","url":"https:\/\/sit.com.mt\/wp-content\/uploads\/2021\/03\/517px-Logo_Maltese_EU_presidency_of_the_Council_of_the_European_Union_2017.svg-e1616440979391.png","contentUrl":"https:\/\/sit.com.mt\/wp-content\/uploads\/2021\/03\/517px-Logo_Maltese_EU_presidency_of_the_Council_of_the_European_Union_2017.svg-e1616440979391.png","width":516,"height":543},{"@type":"BreadcrumbList","@id":"https:\/\/sit.com.mt\/es\/portafolio\/maltese-presidency-of-the-eu\/#breadcrumb","itemListElement":[{"@type":"ListItem","position":1,"name":"Home","item":"https:\/\/sit.com.mt\/es\/"},{"@type":"ListItem","position":2,"name":"Portafolio","item":"https:\/\/sit.com.mt\/es\/portafolio\/"},{"@type":"ListItem","position":3,"name":"PRESIDENCIA MALTESA DEL CONSEJO DE LA UE 2017"}]},{"@type":"WebSite","@id":"https:\/\/sit.com.mt\/#website","url":"https:\/\/sit.com.mt\/","name":"SIT Malta","description":"Unique Travel Programs","publisher":{"@id":"https:\/\/sit.com.mt\/#organization"},"potentialAction":[{"@type":"SearchAction","target":{"@type":"EntryPoint","urlTemplate":"https:\/\/sit.com.mt\/?s={search_term_string}"},"query-input":{"@type":"PropertyValueSpecification","valueRequired":true,"valueName":"search_term_string"}}],"inLanguage":"es"},{"@type":"Organization","@id":"https:\/\/sit.com.mt\/#organization","name":"SIT Mailta","url":"https:\/\/sit.com.mt\/","logo":{"@type":"ImageObject","inLanguage":"es","@id":"https:\/\/sit.com.mt\/#\/schema\/logo\/image\/","url":"https:\/\/sit.com.mt\/wp-content\/uploads\/2020\/01\/main-logo-new.svg","contentUrl":"https:\/\/sit.com.mt\/wp-content\/uploads\/2020\/01\/main-logo-new.svg","width":1,"height":1,"caption":"SIT Mailta"},"image":{"@id":"https:\/\/sit.com.mt\/#\/schema\/logo\/image\/"}}]}},"_links":{"self":[{"href":"https:\/\/sit.com.mt\/es\/wp-json\/wp\/v2\/pages\/5818","targetHints":{"allow":["GET"]}}],"collection":[{"href":"https:\/\/sit.com.mt\/es\/wp-json\/wp\/v2\/pages"}],"about":[{"href":"https:\/\/sit.com.mt\/es\/wp-json\/wp\/v2\/types\/page"}],"author":[{"embeddable":true,"href":"https:\/\/sit.com.mt\/es\/wp-json\/wp\/v2\/users\/6"}],"replies":[{"embeddable":true,"href":"https:\/\/sit.com.mt\/es\/wp-json\/wp\/v2\/comments?post=5818"}],"version-history":[{"count":0,"href":"https:\/\/sit.com.mt\/es\/wp-json\/wp\/v2\/pages\/5818\/revisions"}],"up":[{"embeddable":true,"href":"https:\/\/sit.com.mt\/es\/wp-json\/wp\/v2\/pages\/5744"}],"wp:featuredmedia":[{"embeddable":true,"href":"https:\/\/sit.com.mt\/es\/wp-json\/wp\/v2\/media\/6919"}],"wp:attachment":[{"href":"https:\/\/sit.com.mt\/es\/wp-json\/wp\/v2\/media?parent=5818"}],"wp:term":[{"taxonomy":"category","embeddable":true,"href":"https:\/\/sit.com.mt\/es\/wp-json\/wp\/v2\/categories?post=5818"}],"curies":[{"name":"wp","href":"https:\/\/api.w.org\/{rel}","templated":true}]}}